{"id":6891,"date":"2026-03-08T10:34:25","date_gmt":"2026-03-08T10:34:25","guid":{"rendered":"https:\/\/clapiboats.com\/?page_id=6891"},"modified":"2026-03-30T08:29:06","modified_gmt":"2026-03-30T08:29:06","slug":"mipim-cannes","status":"publish","type":"page","link":"https:\/\/clapiboats.com\/en\/accueil\/events-yacht-cote-dazur\/cannes-mipim\/","title":{"rendered":"MIPIM Cannes"},"content":{"rendered":"\t\t<div data-elementor-type=\"wp-page\" data-elementor-id=\"6891\" class=\"elementor elementor-6891\" data-elementor-post-type=\"page\">\n\t\t\t\t<div class=\"elementor-element elementor-element-e77c0da e-flex e-con-boxed e-con e-parent\" data-id=\"e77c0da\" data-element_type=\"container\" data-e-type=\"container\" data-settings=\"{&quot;background_background&quot;:&quot;classic&quot;}\">\n\t\t\t\t\t<div class=\"e-con-inner\">\n\t\t<div class=\"elementor-element elementor-element-48af0b4 e-con-full e-flex e-con e-child\" data-id=\"48af0b4\" data-element_type=\"container\" data-e-type=\"container\">\n\t\t<div class=\"elementor-element elementor-element-5277b17 e-con-full e-flex elementor-invisible e-con e-child\" data-id=\"5277b17\" data-element_type=\"container\" data-e-type=\"container\" data-settings=\"{&quot;animation&quot;:&quot;fadeInUp&quot;}\">\n\t\t\t\t<div class=\"elementor-element elementor-element-8832ec2 elementor-widget__width-initial elementor-widget-mobile__width-inherit elementor-widget elementor-widget-heading\" data-id=\"8832ec2\" data-element_type=\"widget\" data-e-type=\"widget\" data-widget_type=\"heading.default\">\n\t\t\t\t\t<h1 class=\"elementor-heading-title elementor-size-default\"><p>LOUER UN YACHT AU MIPIM \nDE CANNES EN 2027<\/p><\/h1>\t\t\t\t<\/div>\n\t\t\t\t<div class=\"elementor-element elementor-element-c0df9b5 elementor-widget__width-initial elementor-widget elementor-widget-text-editor\" data-id=\"c0df9b5\" data-element_type=\"widget\" data-e-type=\"widget\" data-widget_type=\"text-editor.default\">\n\t\t\t\t\t\t\t\t\t<p class=\"p1\">Pendant le MIPIM, Cannes devient pendant quelques jours le point de rencontre mondial des investisseurs, promoteurs, collectivit\u00e9s et acteurs majeurs de l\u2019immobilier international.<\/p>\t\t\t\t\t\t\t\t<\/div>\n\t\t\t\t<div class=\"elementor-element elementor-element-8ae548f elementor-absolute elementor-icon-list--layout-traditional elementor-list-item-link-full_width elementor-widget elementor-widget-icon-list\" data-id=\"8ae548f\" data-element_type=\"widget\" data-e-type=\"widget\" data-settings=\"{&quot;_position&quot;:&quot;absolute&quot;}\" data-widget_type=\"icon-list.default\">\n\t\t\t\t\t\t\t<ul class=\"elementor-icon-list-items\">\n\t\t\t\t\t\t\t<li class=\"elementor-icon-list-item\">\n\t\t\t\t\t\t\t\t\t\t\t<a href=\"https:\/\/clapiboats.com\/accueil\/evenements-yacht-cote-dazur\/\">\n\n\t\t\t\t\t\t\t\t\t\t\t\t<span class=\"elementor-icon-list-icon\">\n\t\t\t\t\t\t\t<svg aria-hidden=\"true\" class=\"e-font-icon-svg e-fas-long-arrow-alt-left\" viewBox=\"0 0 448 512\" xmlns=\"http:\/\/www.w3.org\/2000\/svg\"><path d=\"M134.059 296H436c6.627 0 12-5.373 12-12v-56c0-6.627-5.373-12-12-12H134.059v-46.059c0-21.382-25.851-32.09-40.971-16.971L7.029 239.029c-9.373 9.373-9.373 24.569 0 33.941l86.059 86.059c15.119 15.119 40.971 4.411 40.971-16.971V296z\"><\/path><\/svg>\t\t\t\t\t\t<\/span>\n\t\t\t\t\t\t\t\t\t\t<span class=\"elementor-icon-list-text\">\u00c8v\u00e8nements<\/span>\n\t\t\t\t\t\t\t\t\t\t\t<\/a>\n\t\t\t\t\t\t\t\t\t<\/li>\n\t\t\t\t\t\t<\/ul>\n\t\t\t\t\t\t<\/div>\n\t\t\t\t<\/div>\n\t\t\t\t<\/div>\n\t\t<div class=\"elementor-element elementor-element-5a9e850 e-con-full e-flex e-con e-child\" data-id=\"5a9e850\" data-element_type=\"container\" data-e-type=\"container\">\n\t\t\t\t<div class=\"elementor-element elementor-element-76d3df4 elementor-hidden-tablet elementor-hidden-mobile elementor-view-default elementor-widget elementor-widget-icon\" data-id=\"76d3df4\" data-element_type=\"widget\" data-e-type=\"widget\" data-widget_type=\"icon.default\">\n\t\t\t\t\t\t\t<div class=\"elementor-icon-wrapper\">\n\t\t\t<div class=\"elementor-icon\">\n\t\t\t<svg aria-hidden=\"true\" class=\"e-font-icon-svg e-fas-angle-down\" viewBox=\"0 0 320 512\" xmlns=\"http:\/\/www.w3.org\/2000\/svg\"><path d=\"M143 352.3L7 216.3c-9.4-9.4-9.4-24.6 0-33.9l22.6-22.6c9.4-9.4 24.6-9.4 33.9 0l96.4 96.4 96.4-96.4c9.4-9.4 24.6-9.4 33.9 0l22.6 22.6c9.4 9.4 9.4 24.6 0 33.9l-136 136c-9.2 9.4-24.4 9.4-33.8 0z\"><\/path><\/svg>\t\t\t<\/div>\n\t\t<\/div>\n\t\t\t\t\t\t<\/div>\n\t\t\t\t<\/div>\n\t\t\t\t\t<\/div>\n\t\t\t\t<\/div>\n\t\t<div class=\"elementor-element elementor-element-5349f54 e-flex e-con-boxed e-con e-parent\" data-id=\"5349f54\" data-element_type=\"container\" data-e-type=\"container\">\n\t\t\t\t\t<div class=\"e-con-inner\">\n\t\t\t\t<div class=\"elementor-element elementor-element-cb2e277 elementor-invisible elementor-widget elementor-widget-heading\" data-id=\"cb2e277\" data-element_type=\"widget\" data-e-type=\"widget\" data-settings=\"{&quot;_animation&quot;:&quot;fadeInUp&quot;}\" data-widget_type=\"heading.default\">\n\t\t\t\t\t<h2 class=\"elementor-heading-title elementor-size-default\">DATE DU MIPIM 2027 \u00c0 CONFIRMER<\/h2>\t\t\t\t<\/div>\n\t\t\t\t\t<\/div>\n\t\t\t\t<\/div>\n\t\t<div class=\"elementor-element elementor-element-c6a564d e-flex e-con-boxed e-con e-parent\" data-id=\"c6a564d\" data-element_type=\"container\" data-e-type=\"container\">\n\t\t\t\t\t<div class=\"e-con-inner\">\n\t\t\t\t<div class=\"elementor-element elementor-element-ce96249 elementor-widget elementor-widget-text-editor\" data-id=\"ce96249\" data-element_type=\"widget\" data-e-type=\"widget\" data-widget_type=\"text-editor.default\">\n\t\t\t\t\t\t\t\t\t<p class=\"seo-text\">Les dates du MIPIM 2027 n&rsquo;ont pas \u00e9t\u00e9 annonc\u00e9es. L&rsquo;\u00e9v\u00e8nement se tient g\u00e9n\u00e9ralement d\u00e9but mars au Palais des Festivals de Cannes.<br \/><br \/>Le salon rassemble chaque ann\u00e9e plusieurs milliers de d\u00e9cideurs venus pr\u00e9senter des projets, rencontrer partenaires et investisseurs ou explorer de nouvelles opportunit\u00e9s de d\u00e9veloppement. Dans ce contexte particuli\u00e8rement dense, de nombreuses entreprises recherchent des espaces permettant d\u2019organiser des r\u00e9unions ou des rencontres professionnelles en dehors des lieux publics du salon.<\/p><p class=\"seo-text\">Pendant le MIPIM, certains yachts peuvent \u00eatre utilis\u00e9s comme <strong>espaces de r\u00e9ception priv\u00e9s \u00e0 quai<\/strong>, offrant un cadre plus confidentiel pour accueillir partenaires, clients ou investisseurs \u00e0 proximit\u00e9 imm\u00e9diate de la Croisette. Selon le programme de la journ\u00e9e, il est \u00e9galement possible d\u2019organiser une <strong>courte navigation<\/strong> en <strong>baie de Cannes<\/strong> afin de prolonger les discussions dans un environnement plus calme.<\/p><p class=\"seo-text\">Cette approche s\u2019inscrit naturellement dans une <a href=\"https:\/\/clapiboats.com\/accueil\/location-yacht-cote-dazur\/\">location de yacht sur la C\u00f4te d\u2019Azur<\/a>, permettant d\u2019organiser r\u00e9unions, cocktails ou <strong>\u00e9v\u00e9nements corporate<\/strong> dans un cadre plus exclusif pendant la semaine du salon.<\/p><p class=\"seo-text\">De nombreux projets et partenariats immobiliers internationaux se n\u00e9gocient pendant le <strong>MIPIM<\/strong>, ce qui fait de cette p\u00e9riode un <strong>moment cl\u00e9<\/strong> pour rencontrer investisseurs et partenaires dans un cadre propice aux discussions strat\u00e9giques.<\/p>\t\t\t\t\t\t\t\t<\/div>\n\t\t<div class=\"elementor-element elementor-element-e2ba5e7 e-con-full e-flex e-con e-child\" data-id=\"e2ba5e7\" data-element_type=\"container\" data-e-type=\"container\">\n\t\t<div class=\"elementor-element elementor-element-ee2d433 e-con-full e-flex elementor-invisible e-con e-child\" data-id=\"ee2d433\" data-element_type=\"container\" data-e-type=\"container\" data-settings=\"{&quot;animation&quot;:&quot;fadeInUp&quot;}\">\n\t\t\t\t<div class=\"elementor-element elementor-element-f0ce71f elementor-widget elementor-widget-heading\" data-id=\"f0ce71f\" data-element_type=\"widget\" data-e-type=\"widget\" data-widget_type=\"heading.default\">\n\t\t\t\t\t<h2 class=\"elementor-heading-title elementor-size-default\">Pourquoi organiser un \u00e9v\u00e9nement en mer pendant le MIPIM ?<\/h2>\t\t\t\t<\/div>\n\t\t\t\t<div class=\"elementor-element elementor-element-2f9c6c6 elementor-widget elementor-widget-text-editor\" data-id=\"2f9c6c6\" data-element_type=\"widget\" data-e-type=\"widget\" data-widget_type=\"text-editor.default\">\n\t\t\t\t\t\t\t\t\t<p class=\"seo-text\">Pendant toute la dur\u00e9e du MIPIM, Cannes accueille plusieurs milliers de professionnels du secteur immobilier venus du monde entier.<\/p>\n<p class=\"seo-text\">Les agendas sont souvent remplis plusieurs semaines \u00e0 l\u2019avance et les lieux de r\u00e9ception disponibles deviennent rapidement rares.<\/p>\n<p class=\"seo-text\">Dans ce contexte, organiser une r\u00e9union priv\u00e9e en mer ou \u00e0 quai pendant le MIPIM permet de disposer d\u2019un environnement plus calme et plus flexible que les lieux publics du salon.<\/p>\n<p class=\"seo-text\">Le <strong>yacht<\/strong> devient alors un v\u00e9ritable <strong>espace de r\u00e9ception professionnel<\/strong>, permettant d\u2019accueillir partenaires, investisseurs ou clients tout en restant \u00e0 proximit\u00e9 imm\u00e9diate du Palais des Festivals.<\/p>\n<p class=\"seo-text\">De nombreuses entreprises utilisent aujourd\u2019hui les yachts comme plateformes d\u2019hospitalit\u00e9 pour recevoir investisseurs, partenaires et clients pendant le MIPIM.<\/p>\n<p class=\"seo-text\">Recevoir des invit\u00e9s sur un yacht pendant la semaine du salon permet notamment de :<\/p>\n<ul class=\"seo-list\">\n<li>organiser une <strong>r\u00e9union confidentielle<\/strong> avec investisseurs ou partenaires<\/li>\n<li>accueillir des clients dans un <strong>cadre privil\u00e9gi\u00e9<\/strong><\/li>\n<li>organiser un cocktail networking en mer ou \u00e0 quai apr\u00e8s les conf\u00e9rences<\/li>\n<li>pr\u00e9senter un projet immobilier dans un <strong>environnement calme<\/strong><\/li>\n<li>prolonger les discussions professionnelles dans un cadre plus d\u00e9tendu<\/li>\n<\/ul>\t\t\t\t\t\t\t\t<\/div>\n\t\t\t\t<\/div>\n\t\t<div class=\"elementor-element elementor-element-76d2ceb e-con-full e-flex elementor-invisible e-con e-child\" data-id=\"76d2ceb\" data-element_type=\"container\" data-e-type=\"container\" data-settings=\"{&quot;animation&quot;:&quot;fadeInUp&quot;}\">\n\t\t\t\t<div class=\"elementor-element elementor-element-871a286 elementor-widget elementor-widget-image\" data-id=\"871a286\" data-element_type=\"widget\" data-e-type=\"widget\" data-widget_type=\"image.default\">\n\t\t\t\t\t\t\t\t\t\t\t\t\t\t\t<img fetchpriority=\"high\" decoding=\"async\" width=\"800\" height=\"534\" src=\"https:\/\/clapiboats.com\/wp-content\/uploads\/2026\/03\/cannes_shoreline_PZMD93F-1024x683.jpeg\" class=\"attachment-large size-large wp-image-6828\" alt=\"\" srcset=\"https:\/\/clapiboats.com\/wp-content\/uploads\/2026\/03\/cannes_shoreline_PZMD93F-1024x683.jpeg 1024w, https:\/\/clapiboats.com\/wp-content\/uploads\/2026\/03\/cannes_shoreline_PZMD93F-300x200.jpeg 300w, https:\/\/clapiboats.com\/wp-content\/uploads\/2026\/03\/cannes_shoreline_PZMD93F-768x512.jpeg 768w, https:\/\/clapiboats.com\/wp-content\/uploads\/2026\/03\/cannes_shoreline_PZMD93F-1536x1024.jpeg 1536w, https:\/\/clapiboats.com\/wp-content\/uploads\/2026\/03\/cannes_shoreline_PZMD93F-2048x1365.jpeg 2048w, https:\/\/clapiboats.com\/wp-content\/uploads\/2026\/03\/cannes_shoreline_PZMD93F-18x12.jpeg 18w\" sizes=\"(max-width: 800px) 100vw, 800px\" \/>\t\t\t\t\t\t\t\t\t\t\t\t\t\t\t<\/div>\n\t\t\t\t<\/div>\n\t\t\t\t<\/div>\n\t\t\t\t\t<\/div>\n\t\t\t\t<\/div>\n\t\t<div class=\"elementor-element elementor-element-0a197d5 e-flex e-con-boxed e-con e-parent\" data-id=\"0a197d5\" data-element_type=\"container\" data-e-type=\"container\" id=\"sunset\">\n\t\t\t\t\t<div class=\"e-con-inner\">\n\t\t<div class=\"elementor-element elementor-element-f1b2441 e-con-full e-flex e-con e-child\" data-id=\"f1b2441\" data-element_type=\"container\" data-e-type=\"container\">\n\t\t<div class=\"elementor-element elementor-element-4332ef1 e-con-full e-flex elementor-invisible e-con e-child\" data-id=\"4332ef1\" data-element_type=\"container\" data-e-type=\"container\" data-settings=\"{&quot;animation&quot;:&quot;fadeInUp&quot;}\">\n\t\t\t\t<div class=\"elementor-element elementor-element-2b9ac82 elementor-widget elementor-widget-image\" data-id=\"2b9ac82\" data-element_type=\"widget\" data-e-type=\"widget\" data-widget_type=\"image.default\">\n\t\t\t\t\t\t\t\t\t\t\t\t\t\t\t<img decoding=\"async\" width=\"800\" height=\"450\" src=\"https:\/\/clapiboats.com\/wp-content\/uploads\/2025\/10\/de-cannes-1024x576.webp\" class=\"attachment-large size-large wp-image-1152\" alt=\"\" srcset=\"https:\/\/clapiboats.com\/wp-content\/uploads\/2025\/10\/de-cannes-1024x576.webp 1024w, https:\/\/clapiboats.com\/wp-content\/uploads\/2025\/10\/de-cannes-300x169.webp 300w, https:\/\/clapiboats.com\/wp-content\/uploads\/2025\/10\/de-cannes-768x432.webp 768w, https:\/\/clapiboats.com\/wp-content\/uploads\/2025\/10\/de-cannes-1536x864.webp 1536w, https:\/\/clapiboats.com\/wp-content\/uploads\/2025\/10\/de-cannes.webp 1920w\" sizes=\"(max-width: 800px) 100vw, 800px\" \/>\t\t\t\t\t\t\t\t\t\t\t\t\t\t\t<\/div>\n\t\t\t\t<\/div>\n\t\t<div class=\"elementor-element elementor-element-6261258 e-con-full e-flex elementor-invisible e-con e-child\" data-id=\"6261258\" data-element_type=\"container\" data-e-type=\"container\" data-settings=\"{&quot;animation&quot;:&quot;fadeInUp&quot;}\">\n\t\t\t\t<div class=\"elementor-element elementor-element-7ae200d elementor-widget elementor-widget-heading\" data-id=\"7ae200d\" data-element_type=\"widget\" data-e-type=\"widget\" data-widget_type=\"heading.default\">\n\t\t\t\t\t<h2 class=\"elementor-heading-title elementor-size-default\">Zones strat\u00e9giques pendant le MIPIM<\/h2>\t\t\t\t<\/div>\n\t\t\t\t<div class=\"elementor-element elementor-element-614b569 elementor-widget elementor-widget-text-editor\" data-id=\"614b569\" data-element_type=\"widget\" data-e-type=\"widget\" data-widget_type=\"text-editor.default\">\n\t\t\t\t\t\t\t\t\t<h3 class=\"seo-h3\">Baie de Cannes \u2013 r\u00e9unions avec vue sur la Croisette<\/h3><p class=\"seo-text\">La baie face \u00e0 la Croisette reste la zone la plus recherch\u00e9e pendant le salon.<\/p><p class=\"seo-text\">Elle permet d\u2019accueillir des invit\u00e9s tout en conservant une vue directe sur le Palais des Festivals, o\u00f9 se d\u00e9roulent la majorit\u00e9 des conf\u00e9rences et rendez-vous professionnels.<\/p><p class=\"seo-text\">Le yacht devient alors un espace de r\u00e9union flottant au c\u0153ur de l\u2019\u00e9v\u00e9nement.<\/p><h3 class=\"seo-h3\">Vieux Port de Cannes \u2013 acc\u00e8s imm\u00e9diat au Palais des Festivals<\/h3><p class=\"seo-text\">Un yacht positionn\u00e9 au vieux port permet des embarquements rapides entre deux conf\u00e9rences ou rendez-vous.<\/p><p class=\"seo-text\">Les yachts situ\u00e9s \u00e0 proximit\u00e9 du Palais des Festivals permettent aux invit\u00e9s de rejoindre facilement les conf\u00e9rences entre deux r\u00e9unions ou rendez-vous professionnels.<\/p><p class=\"seo-text\">Ce format est particuli\u00e8rement adapt\u00e9 pour organiser des rencontres clients ou des r\u00e9unions strat\u00e9giques pendant la journ\u00e9e.<\/p><h3 class=\"seo-h3\">Cap d\u2019Antibes \u2013 r\u00e9unions plus confidentielles<\/h3><p class=\"seo-text\">\u00c0 quelques minutes de navigation, le Cap d\u2019Antibes offre un cadre plus discret et plus calme.<\/p><p class=\"seo-text\">Ce type d\u2019environnement est souvent privil\u00e9gi\u00e9 pour des discussions strat\u00e9giques, des rencontres investisseurs ou des r\u00e9unions n\u00e9cessitant davantage de confidentialit\u00e9. D\u00e9couvrez notamment les options disponibles pour <a href=\"https:\/\/clapiboats.com\/accueil\/location-yacht-cote-dazur\/de-cannes-a-antibes\/\">louer un yacht entre Cannes et Antibes<\/a>.<\/p>\t\t\t\t\t\t\t\t<\/div>\n\t\t\t\t<\/div>\n\t\t\t\t<\/div>\n\t\t\t\t\t<\/div>\n\t\t\t\t<\/div>\n\t\t<div class=\"elementor-element elementor-element-43632e1 e-flex e-con-boxed e-con e-parent\" data-id=\"43632e1\" data-element_type=\"container\" data-e-type=\"container\" id=\"birthday\">\n\t\t\t\t\t<div class=\"e-con-inner\">\n\t\t<div class=\"elementor-element elementor-element-01e1ce6 e-con-full e-flex e-con e-child\" data-id=\"01e1ce6\" data-element_type=\"container\" data-e-type=\"container\">\n\t\t<div class=\"elementor-element elementor-element-be8b2db e-con-full e-flex elementor-invisible e-con e-child\" data-id=\"be8b2db\" data-element_type=\"container\" data-e-type=\"container\" data-settings=\"{&quot;animation&quot;:&quot;fadeInUp&quot;}\">\n\t\t\t\t<div class=\"elementor-element elementor-element-fd0f33d elementor-widget elementor-widget-heading\" data-id=\"fd0f33d\" data-element_type=\"widget\" data-e-type=\"widget\" data-widget_type=\"heading.default\">\n\t\t\t\t\t<h2 class=\"elementor-heading-title elementor-size-default\">Quels formats d\u2019\u00e9v\u00e9nements organiser pendant le MIPIM ?<\/h2>\t\t\t\t<\/div>\n\t\t\t\t<div class=\"elementor-element elementor-element-b6e7cbe elementor-widget elementor-widget-text-editor\" data-id=\"b6e7cbe\" data-element_type=\"widget\" data-e-type=\"widget\" data-widget_type=\"text-editor.default\">\n\t\t\t\t\t\t\t\t\t<p>Le yacht permet d\u2019organiser diff\u00e9rents types d\u2019\u00e9v\u00e9nements professionnels pendant le salon.<\/p><p class=\"seo-text\">Parmi les formats les plus fr\u00e9quents :<\/p><ul class=\"seo-list\"><li><strong>r\u00e9unions<\/strong> investisseurs<\/li><li>rendez-vous clients<\/li><li><strong>pr\u00e9sentations de projets<\/strong> immobiliers<\/li><li><strong>cocktails networking<\/strong> en fin de journ\u00e9e<\/li><li>r\u00e9ceptions partenaires<\/li><li>rencontres professionnelles priv\u00e9es<\/li><li>investor breakfast<\/li><li>investor lunch<\/li><li>private deal meetings<\/li><\/ul><p class=\"seo-text\">Ces formats permettent de cr\u00e9er un environnement plus propice aux \u00e9changes que les espaces publics du salon.<\/p>\t\t\t\t\t\t\t\t<\/div>\n\t\t\t\t<\/div>\n\t\t<div class=\"elementor-element elementor-element-ce6f7f4 e-con-full e-flex elementor-invisible e-con e-child\" data-id=\"ce6f7f4\" data-element_type=\"container\" data-e-type=\"container\" data-settings=\"{&quot;animation&quot;:&quot;fadeInUp&quot;}\">\n\t\t\t\t<div class=\"elementor-element elementor-element-7f5d0fb elementor-widget elementor-widget-image\" data-id=\"7f5d0fb\" data-element_type=\"widget\" data-e-type=\"widget\" data-widget_type=\"image.default\">\n\t\t\t\t\t\t\t\t\t\t\t\t\t\t\t<img decoding=\"async\" width=\"800\" height=\"431\" src=\"https:\/\/clapiboats.com\/wp-content\/uploads\/2026\/03\/2719_f63ac-1024x552.jpg\" class=\"attachment-large size-large wp-image-6725\" alt=\"\" srcset=\"https:\/\/clapiboats.com\/wp-content\/uploads\/2026\/03\/2719_f63ac-1024x552.jpg 1024w, https:\/\/clapiboats.com\/wp-content\/uploads\/2026\/03\/2719_f63ac-300x162.jpg 300w, https:\/\/clapiboats.com\/wp-content\/uploads\/2026\/03\/2719_f63ac-768x414.jpg 768w, https:\/\/clapiboats.com\/wp-content\/uploads\/2026\/03\/2719_f63ac-18x10.jpg 18w, https:\/\/clapiboats.com\/wp-content\/uploads\/2026\/03\/2719_f63ac.jpg 1280w\" sizes=\"(max-width: 800px) 100vw, 800px\" \/>\t\t\t\t\t\t\t\t\t\t\t\t\t\t\t<\/div>\n\t\t\t\t<\/div>\n\t\t\t\t<\/div>\n\t\t\t\t\t<\/div>\n\t\t\t\t<\/div>\n\t\t<div class=\"elementor-element elementor-element-a9c58f4 e-flex e-con-boxed elementor-invisible e-con e-parent\" data-id=\"a9c58f4\" data-element_type=\"container\" data-e-type=\"container\" id=\"bachelor\" data-settings=\"{&quot;animation&quot;:&quot;fadeInUp&quot;}\">\n\t\t\t\t\t<div class=\"e-con-inner\">\n\t\t<div class=\"elementor-element elementor-element-0112051 e-con-full e-flex e-con e-child\" data-id=\"0112051\" data-element_type=\"container\" data-e-type=\"container\">\n\t\t<div class=\"elementor-element elementor-element-11005b9 e-con-full e-flex e-con e-child\" data-id=\"11005b9\" data-element_type=\"container\" data-e-type=\"container\" data-settings=\"{&quot;background_background&quot;:&quot;classic&quot;}\">\n\t\t\t\t<\/div>\n\t\t<div class=\"elementor-element elementor-element-0b3b8a2 e-con-full e-flex elementor-invisible e-con e-child\" data-id=\"0b3b8a2\" data-element_type=\"container\" data-e-type=\"container\" data-settings=\"{&quot;animation&quot;:&quot;fadeInUp&quot;}\">\n\t\t\t\t<div class=\"elementor-element elementor-element-4cf70a9 elementor-widget elementor-widget-heading\" data-id=\"4cf70a9\" data-element_type=\"widget\" data-e-type=\"widget\" data-widget_type=\"heading.default\">\n\t\t\t\t\t<h2 class=\"elementor-heading-title elementor-size-default\">Quel type de yacht choisir pour un \u00e9v\u00e9nement MIPIM ?<\/h2>\t\t\t\t<\/div>\n\t\t\t\t<div class=\"elementor-element elementor-element-979acda elementor-widget__width-inherit elementor-widget elementor-widget-text-editor\" data-id=\"979acda\" data-element_type=\"widget\" data-e-type=\"widget\" data-widget_type=\"text-editor.default\">\n\t\t\t\t\t\t\t\t\t<p class=\"seo-text\">Le choix du bateau d\u00e9pend du nombre d\u2019invit\u00e9s et du type de r\u00e9union organis\u00e9e.<\/p><h3 class=\"seo-h3\">Day boats 12\u201315 m<\/h3><p class=\"seo-text\">Ces unit\u00e9s sont particuli\u00e8rement adapt\u00e9es aux r\u00e9unions en petit comit\u00e9.<\/p><p class=\"seo-text\">Agiles et \u00e9l\u00e9gantes, elles permettent d\u2019organiser des rendez-vous professionnels ou des discussions strat\u00e9giques dans un cadre \u00e9l\u00e9gant et discret.<\/p><h3 class=\"seo-h3\">Yachts 18\u201324 m<\/h3><p class=\"seo-text\">Ces yachts offrent davantage d\u2019espace de r\u00e9ception et disposent g\u00e9n\u00e9ralement de salons int\u00e9rieurs confortables.<\/p><p class=\"seo-text\">Ils sont parfaitement adapt\u00e9s aux r\u00e9unions clients, aux pr\u00e9sentations priv\u00e9es ou aux cocktails networking.<\/p><p class=\"seo-text\">\u00a0<\/p>\t\t\t\t\t\t\t\t<\/div>\n\t\t\t\t<\/div>\n\t\t\t\t<\/div>\n\t\t\t\t\t<\/div>\n\t\t\t\t<\/div>\n\t\t<div class=\"elementor-element elementor-element-d1d28aa e-flex e-con-boxed elementor-invisible e-con e-parent\" data-id=\"d1d28aa\" data-element_type=\"container\" data-e-type=\"container\" data-settings=\"{&quot;animation&quot;:&quot;fadeInUp&quot;}\">\n\t\t\t\t\t<div class=\"e-con-inner\">\n\t\t\t\t<div class=\"elementor-element elementor-element-93bfb89 elementor-widget__width-initial elementor-widget-mobile__width-initial elementor-widget elementor-widget-heading\" data-id=\"93bfb89\" data-element_type=\"widget\" data-e-type=\"widget\" data-widget_type=\"heading.default\">\n\t\t\t\t\t<h3 class=\"elementor-heading-title elementor-size-default\">Catamarans ou yachts pour \u00e9v\u00e9nements plus larges<\/h3>\t\t\t\t<\/div>\n\t\t\t\t<div class=\"elementor-element elementor-element-61ec3ec elementor-widget elementor-widget-text-editor\" data-id=\"61ec3ec\" data-element_type=\"widget\" data-e-type=\"widget\" data-widget_type=\"text-editor.default\">\n\t\t\t\t\t\t\t\t\t<p class=\"seo-text\">Pour les \u00e9v\u00e9nements accueillant davantage d\u2019invit\u00e9s, <strong>certains yachts<\/strong> permettent d\u2019organiser des<strong> cocktails<\/strong> ou des r\u00e9ceptions <strong>networking<\/strong> avec un nombre plus important de participants pouvant aller <strong>jusqu&rsquo;\u00e0 29 personnes en navigation<\/strong>. \u00c0 quai, les limitations sont plus souples et il est possible d\u2019<strong>accueillir un nombre d\u2019invit\u00e9s bien plus important<\/strong>.<\/p><p class=\"seo-text\">Voici des <strong>exemples de yachts<\/strong> particuli\u00e8rement adapt\u00e9s aux \u00e9v\u00e9nements accueillant un grand nombre d\u2019invit\u00e9s. Leurs larges espaces de pont facilitent la circulation des invit\u00e9s et permettent d\u2019organiser cocktails ou r\u00e9ceptions dans un cadre \u00e0 la fois convivial et \u00e9l\u00e9gant.<\/p>\t\t\t\t\t\t\t\t<\/div>\n\t\t\t\t\t<\/div>\n\t\t\t\t<\/div>\n\t\t<div class=\"elementor-element elementor-element-a3743b6 e-flex e-con-boxed e-con e-parent\" data-id=\"a3743b6\" data-element_type=\"container\" data-e-type=\"container\">\n\t\t\t\t\t<div class=\"e-con-inner\">\n\t\t\t\t<div class=\"elementor-element elementor-element-aacff25 elementor--h-position-center elementor--v-position-middle elementor-arrows-position-inside elementor-pagination-position-inside elementor-widget elementor-widget-slides\" data-id=\"aacff25\" data-element_type=\"widget\" data-e-type=\"widget\" data-settings=\"{&quot;autoplay_speed&quot;:2000,&quot;navigation&quot;:&quot;both&quot;,&quot;autoplay&quot;:&quot;yes&quot;,&quot;pause_on_hover&quot;:&quot;yes&quot;,&quot;pause_on_interaction&quot;:&quot;yes&quot;,&quot;infinite&quot;:&quot;yes&quot;,&quot;transition&quot;:&quot;slide&quot;,&quot;transition_speed&quot;:500}\" data-widget_type=\"slides.default\">\n\t\t\t\t\t\t\t\t\t\t<div class=\"elementor-slides-wrapper elementor-main-swiper swiper\" role=\"region\" aria-roledescription=\"carousel\" aria-label=\"Slides\" dir=\"ltr\" data-animation=\"fadeInUp\">\n\t\t\t\t<div class=\"swiper-wrapper elementor-slides\">\n\t\t\t\t\t\t\t\t\t\t<div class=\"elementor-repeater-item-049149f swiper-slide\" role=\"group\" aria-roledescription=\"slide\"><div class=\"swiper-slide-bg\" role=\"img\" aria-label=\"MATSU yacht charter Cannes \u2013 exterior view\"><\/div><div class=\"elementor-background-overlay\"><\/div><a class=\"swiper-slide-inner\" href=\"https:\/\/clapiboats.com\/location-yacht\/de-cannes-a-antibes\/isa-120-sport\/\"><div class=\"swiper-slide-contents\"><div class=\"elementor-slide-heading\">ISA 120 SPORT<\/div><div class=\"elementor-slide-description\">Le ISA 120 Sport peut accueillir jusqu\u2019\u00e0 24 invit\u00e9s en navigation, , et jusqu'au double \u00e0 quai, ce qui en fait une option particuli\u00e8rement adapt\u00e9e aux cocktails networking ou aux pr\u00e9sentations priv\u00e9es pendant Cannes Lions.<\/div><div  class=\"elementor-button elementor-slide-button elementor-size-sm\">Plus d'infos<\/div><\/div><\/a><\/div><div class=\"elementor-repeater-item-e906acd swiper-slide\" role=\"group\" aria-roledescription=\"slide\"><div class=\"swiper-slide-bg\" role=\"img\" aria-label=\"EVA yacht Cannes \u2013 front exterior\"><\/div><div class=\"elementor-background-overlay\"><\/div><a class=\"swiper-slide-inner\" href=\"https:\/\/clapiboats.com\/location-yacht\/de-cannes-a-antibes\/cheoy-lee-35\/\"><div class=\"swiper-slide-contents\"><div class=\"elementor-slide-heading\">CHEOY LEE 35<\/div><div class=\"elementor-slide-description\">Le Cheoy Lee 35m permet d\u2019accueillir jusqu\u2019\u00e0 29 invit\u00e9s en navigation, et jusqu'\u00e0 50 \u00e0 quai, avec de larges espaces de r\u00e9ception id\u00e9aux pour les \u00e9v\u00e9nements corporate ou les op\u00e9rations de brand activation.<\/div><div  class=\"elementor-button elementor-slide-button elementor-size-sm\">Plus d'infos<\/div><\/div><\/a><\/div><div class=\"elementor-repeater-item-08a4655 swiper-slide\" role=\"group\" aria-roledescription=\"slide\"><div class=\"swiper-slide-bg\" role=\"img\" aria-label=\"MILLESIME yacht charter Cannes \u2013 exterior view\"><\/div><div class=\"elementor-background-overlay\"><\/div><a class=\"swiper-slide-inner\" href=\"https:\/\/clapiboats.com\/location-yacht\/de-cannes-a-antibes\/gui-couach-120\/\"><div class=\"swiper-slide-contents\"><div class=\"elementor-slide-heading\">GUY COUACH 120<\/div><div class=\"elementor-slide-description\">Le Guy Couach 120 permet d\u2019accueillir jusqu'\u00e0 70 invit\u00e9s \u00e0 quai. Situ\u00e9 au port Canto, il offre de larges espaces de r\u00e9ception id\u00e9aux pour les \u00e9v\u00e9nements corporate.<\/div><div  class=\"elementor-button elementor-slide-button elementor-size-sm\">Plus d'infos<\/div><\/div><\/a><\/div>\t\t\t\t<\/div>\n\t\t\t\t\t\t\t\t\t\t\t\t\t\t\t<div class=\"elementor-swiper-button elementor-swiper-button-prev\" role=\"button\" tabindex=\"0\" aria-label=\"Diapositive pr\u00e9c\u00e9dente\">\n\t\t\t\t\t\t\t<svg aria-hidden=\"true\" class=\"e-font-icon-svg e-eicon-chevron-left\" viewBox=\"0 0 1000 1000\" xmlns=\"http:\/\/www.w3.org\/2000\/svg\"><path d=\"M646 125C629 125 613 133 604 142L308 442C296 454 292 471 292 487 292 504 296 521 308 533L604 854C617 867 629 875 646 875 663 875 679 871 692 858 704 846 713 829 713 812 713 796 708 779 692 767L438 487 692 225C700 217 708 204 708 187 708 171 704 154 692 142 675 129 663 125 646 125Z\"><\/path><\/svg>\t\t\t\t\t\t<\/div>\n\t\t\t\t\t\t<div class=\"elementor-swiper-button elementor-swiper-button-next\" role=\"button\" tabindex=\"0\" aria-label=\"Diapositive suivante\">\n\t\t\t\t\t\t\t<svg aria-hidden=\"true\" class=\"e-font-icon-svg e-eicon-chevron-right\" viewBox=\"0 0 1000 1000\" xmlns=\"http:\/\/www.w3.org\/2000\/svg\"><path d=\"M696 533C708 521 713 504 713 487 713 471 708 454 696 446L400 146C388 133 375 125 354 125 338 125 325 129 313 142 300 154 292 171 292 187 292 204 296 221 308 233L563 492 304 771C292 783 288 800 288 817 288 833 296 850 308 863 321 871 338 875 354 875 371 875 388 867 400 854L696 533Z\"><\/path><\/svg>\t\t\t\t\t\t<\/div>\n\t\t\t\t\t\t\t\t\t\t\t\t\t\t\t\t<div class=\"swiper-pagination\"><\/div>\n\t\t\t\t\t\t\t\t\t\t\t\t<\/div>\n\t\t\t\t\t\t\t\t<\/div>\n\t\t\t\t\t<\/div>\n\t\t\t\t<\/div>\n\t\t<div class=\"elementor-element elementor-element-fe4922f e-flex e-con-boxed elementor-invisible e-con e-parent\" data-id=\"fe4922f\" data-element_type=\"container\" data-e-type=\"container\" data-settings=\"{&quot;animation&quot;:&quot;fadeInUp&quot;}\">\n\t\t\t\t\t<div class=\"e-con-inner\">\n\t\t<div class=\"elementor-element elementor-element-6d460f6 e-con-full e-flex e-con e-child\" data-id=\"6d460f6\" data-element_type=\"container\" data-e-type=\"container\">\n\t\t<div class=\"elementor-element elementor-element-14bd66e e-con-full e-flex elementor-invisible e-con e-child\" data-id=\"14bd66e\" data-element_type=\"container\" data-e-type=\"container\" data-settings=\"{&quot;animation&quot;:&quot;fadeInUp&quot;}\">\n\t\t\t\t<div class=\"elementor-element elementor-element-6767417 elementor-widget elementor-widget-heading\" data-id=\"6767417\" data-element_type=\"widget\" data-e-type=\"widget\" data-widget_type=\"heading.default\">\n\t\t\t\t\t<h2 class=\"elementor-heading-title elementor-size-default\">Budget indicatif pendant le MIPIM<\/h2>\t\t\t\t<\/div>\n\t\t\t\t<div class=\"elementor-element elementor-element-d68aae1 elementor-widget__width-inherit elementor-widget elementor-widget-text-editor\" data-id=\"d68aae1\" data-element_type=\"widget\" data-e-type=\"widget\" data-widget_type=\"text-editor.default\">\n\t\t\t\t\t\t\t\t\t<p class=\"seo-text\"><br \/>La semaine du MIPIM correspond \u00e0 une p\u00e9riode de forte demande sur la C\u00f4te d\u2019Azur.<\/p><ul class=\"seo-list\"><li>Day boats : \u00e0 partir d\u2019environ 2 000 \u20ac \u00e0 3 500 \u20ac par jour<\/li><li>Yachts 18\u201324 m : \u00e0 partir de 4 500 \u20ac \u00e0 6 000 \u20ac selon les prestations<\/li><li>Yachts grande capacit\u00e9 : sur devis selon le nombre d\u2019invit\u00e9s<\/li><\/ul><p class=\"seo-text\">Les yachts adapt\u00e9s aux \u00e9v\u00e9nements corporate et aux r\u00e9unions d\u2019investisseurs sont g\u00e9n\u00e9ralement les premiers r\u00e9serv\u00e9s pendant la semaine du MIPIM.<\/p><h2 class=\"seo-h2\">Pourquoi r\u00e9server \u00e0 l\u2019avance<\/h2><p class=\"seo-text\">La demande pour les yachts pendant le MIPIM est particuli\u00e8rement forte.<\/p><p class=\"seo-text\">Les entreprises pr\u00e9sentes au salon r\u00e9servent souvent leurs espaces d\u2019hospitalit\u00e9 plusieurs semaines \u00e0 l\u2019avance afin de s\u00e9curiser les cr\u00e9neaux les plus recherch\u00e9s.<\/p>\t\t\t\t\t\t\t\t<\/div>\n\t\t\t\t<\/div>\n\t\t\t\t<\/div>\n\t\t<div class=\"elementor-element elementor-element-41fb0e6 e-con-full e-flex elementor-invisible e-con e-child\" data-id=\"41fb0e6\" data-element_type=\"container\" data-e-type=\"container\" data-settings=\"{&quot;background_background&quot;:&quot;classic&quot;,&quot;animation&quot;:&quot;fadeInUp&quot;}\">\n\t\t\t\t<div class=\"elementor-element elementor-element-f1e07b8 elementor-widget elementor-widget-heading\" data-id=\"f1e07b8\" data-element_type=\"widget\" data-e-type=\"widget\" data-widget_type=\"heading.default\">\n\t\t\t\t\t<h2 class=\"elementor-heading-title elementor-size-default\">L\u2019approche Clapi Boats<\/h2>\t\t\t\t<\/div>\n\t\t\t\t<div class=\"elementor-element elementor-element-3a90f02 elementor-widget elementor-widget-text-editor\" data-id=\"3a90f02\" data-element_type=\"widget\" data-e-type=\"widget\" data-widget_type=\"text-editor.default\">\n\t\t\t\t\t\t\t\t\t<p class=\"seo-text\">\nOrganiser une r\u00e9union ou un \u00e9v\u00e9nement pendant le MIPIM n\u00e9cessite une coordination pr\u00e9cise entre le programme du salon et l\u2019organisation \u00e0 bord.\n<\/p>\n\n<p class=\"seo-text\">\nGr\u00e2ce \u00e0 notre pr\u00e9sence locale sur la C\u00f4te d\u2019Azur, nous s\u00e9lectionnons les yachts les plus adapt\u00e9s aux \u00e9v\u00e9nements professionnels et aux r\u00e9unions clients.\n<\/p>\n<p class=\"seo-text\">Notre connaissance du march\u00e9 \u00e9v\u00e9nementiel \u00e0 Cannes permet d\u2019identifier les unit\u00e9s r\u00e9ellement adapt\u00e9es aux \u00e9v\u00e9nements corporate et aux op\u00e9rations d\u2019hospitalit\u00e9.<\/p>\n\n<ul class=\"seo-list\">\n \t<li>s\u00e9lection du yacht adapt\u00e9<\/li>\n \t<li>coordination avec le capitaine et capitainerie<\/li>\n \t<li>organisation logistique compl\u00e8te<\/li>\n \t<li>adaptation de votre programme \u00e0 l\u2019agenda du festival<\/li>\n<\/ul>\n\n\n\t\t\t\t\t\t\t\t<\/div>\n\t\t\t\t<\/div>\n\t\t\t\t\t<\/div>\n\t\t\t\t<\/div>\n\t\t<div class=\"elementor-element elementor-element-7e8e047 e-flex e-con-boxed elementor-invisible e-con e-parent\" data-id=\"7e8e047\" data-element_type=\"container\" data-e-type=\"container\" data-settings=\"{&quot;animation&quot;:&quot;fadeInUp&quot;}\">\n\t\t\t\t\t<div class=\"e-con-inner\">\n\t\t\t\t<div class=\"elementor-element elementor-element-0ee8c1f elementor-widget-divider--view-line elementor-widget elementor-widget-divider\" data-id=\"0ee8c1f\" data-element_type=\"widget\" data-e-type=\"widget\" data-widget_type=\"divider.default\">\n\t\t\t\t\t\t\t<div class=\"elementor-divider\">\n\t\t\t<span class=\"elementor-divider-separator\">\n\t\t\t\t\t\t<\/span>\n\t\t<\/div>\n\t\t\t\t\t\t<\/div>\n\t\t\t\t\t<\/div>\n\t\t\t\t<\/div>\n\t\t<div class=\"elementor-element elementor-element-6369009 e-flex e-con-boxed elementor-invisible e-con e-parent\" data-id=\"6369009\" data-element_type=\"container\" data-e-type=\"container\" data-settings=\"{&quot;animation&quot;:&quot;fadeInUp&quot;}\">\n\t\t\t\t\t<div class=\"e-con-inner\">\n\t\t<div class=\"elementor-element elementor-element-252b6b7 e-con-full e-flex e-con e-child\" data-id=\"252b6b7\" data-element_type=\"container\" data-e-type=\"container\">\n\t\t<div class=\"elementor-element elementor-element-76ff73f e-con-full e-flex elementor-invisible e-con e-child\" data-id=\"76ff73f\" data-element_type=\"container\" data-e-type=\"container\" data-settings=\"{&quot;animation&quot;:&quot;fadeInUp&quot;}\">\n\t\t\t\t<div class=\"elementor-element elementor-element-cb7baf7 elementor-widget elementor-widget-heading\" data-id=\"cb7baf7\" data-element_type=\"widget\" data-e-type=\"widget\" data-widget_type=\"heading.default\">\n\t\t\t\t\t<h2 class=\"elementor-heading-title elementor-size-default\">Comment organiser un \u00e9v\u00e9nement sur yacht pendant le MIPIM de Cannes:<\/h2>\t\t\t\t<\/div>\n\t\t\t\t<div class=\"elementor-element elementor-element-73f1cc3 elementor-widget__width-inherit elementor-widget elementor-widget-text-editor\" data-id=\"73f1cc3\" data-element_type=\"widget\" data-e-type=\"widget\" data-widget_type=\"text-editor.default\">\n\t\t\t\t\t\t\t\t\t<h3 class=\"seo-h3\">D\u00e9finir le format de l\u2019\u00e9v\u00e9nement<\/h3><p class=\"seo-text\">R\u00e9union priv\u00e9e, cocktail networking ou r\u00e9ception partenaires : le format d\u00e9termine le type de bateau et la dur\u00e9e id\u00e9ale.<\/p><h3 class=\"seo-h3\">Choisir le bateau adapt\u00e9<\/h3><p class=\"seo-text\">Le choix d\u00e9pend du nombre d\u2019invit\u00e9s, de l\u2019espace n\u00e9cessaire et du type d\u2019exp\u00e9rience souhait\u00e9.<\/p><h3 class=\"seo-h3\">Coordination logistique<\/h3><p class=\"seo-text\">Horaires d\u2019embarquement, navigation \u00e9ventuelle, organisation des invit\u00e9s : chaque d\u00e9tail est anticip\u00e9 afin de garantir le bon d\u00e9roulement de l\u2019\u00e9v\u00e9nement.<\/p><h3 class=\"seo-h3\">Gestion des invit\u00e9s et du programme<\/h3><p class=\"seo-text\">Une planification claire permet d\u2019assurer un accueil fluide et de profiter pleinement du cadre unique offert par la baie de Cannes.<\/p><p>\u00a0<\/p><p style=\"text-align: center;\"><strong>De la s\u00e9lection du yacht \u00e0 la coordination de l\u2019\u00e9v\u00e9nement, l&rsquo;\u00e9quipe de Clapi Boats s\u2019occupe de chaque d\u00e9tail pour vous offrir une exp\u00e9rience fluide et sans contrainte.<\/strong><\/p>\t\t\t\t\t\t\t\t<\/div>\n\t\t\t\t<\/div>\n\t\t\t\t<\/div>\n\t\t\t\t\t<\/div>\n\t\t\t\t<\/div>\n\t\t<div class=\"elementor-element elementor-element-9534161 e-flex e-con-boxed e-con e-parent\" data-id=\"9534161\" data-element_type=\"container\" data-e-type=\"container\" data-settings=\"{&quot;background_background&quot;:&quot;classic&quot;}\">\n\t\t\t\t\t<div class=\"e-con-inner\">\n\t\t\t\t<div class=\"elementor-element elementor-element-ac75439 elementor-widget__width-initial elementor-invisible elementor-widget elementor-widget-heading\" data-id=\"ac75439\" data-element_type=\"widget\" data-e-type=\"widget\" data-settings=\"{&quot;_animation&quot;:&quot;fadeInUp&quot;}\" data-widget_type=\"heading.default\">\n\t\t\t\t\t<p class=\"elementor-heading-title elementor-size-default\">R\u00e9server un yacht pour le MIPIM avec Clapi Boats<\/p>\t\t\t\t<\/div>\n\t\t\t\t<div class=\"elementor-element elementor-element-9def0f4 elementor-widget__width-initial elementor-widget-mobile__width-inherit elementor-invisible elementor-widget elementor-widget-text-editor\" data-id=\"9def0f4\" data-element_type=\"widget\" data-e-type=\"widget\" data-settings=\"{&quot;_animation&quot;:&quot;fadeInUp&quot;}\" data-widget_type=\"text-editor.default\">\n\t\t\t\t\t\t\t\t\t<p class=\"p1\"><b>Partagez les grandes lignes de votre \u00e9v\u00e9nement et nous vous proposerons rapidement les yachts les plus adapt\u00e9s.<\/b><\/p>\t\t\t\t\t\t\t\t<\/div>\n\t\t<div class=\"elementor-element elementor-element-66a8daa e-con-full e-flex e-con e-child\" data-id=\"66a8daa\" data-element_type=\"container\" data-e-type=\"container\">\n\t\t\t\t<div class=\"elementor-element elementor-element-ba926c8 elementor-widget elementor-widget-html\" data-id=\"ba926c8\" data-element_type=\"widget\" data-e-type=\"widget\" data-widget_type=\"html.default\">\n\t\t\t\t\t<iframe \n  src=\"https:\/\/embed.fillout.com\/t\/mDp3XGsW8Xus?fillout-embed-id=34586678894150&fillout-embed-type=standard&fillout-embed-parent-page=https%3A%2F%2Fclapiboats.com%2F&fillout-embed-dynamic-resize=true\" \n  width=\"100%\" \n  height=\"600\" \n  frameborder=\"0\"\n  style=\"border: none;border-radius:10px;\">\n<\/iframe>\t\t\t\t<\/div>\n\t\t\t\t<\/div>\n\t\t\t\t\t<\/div>\n\t\t\t\t<\/div>\n\t\t<div class=\"elementor-element elementor-element-3c1193d e-flex e-con-boxed e-con e-parent\" data-id=\"3c1193d\" data-element_type=\"container\" data-e-type=\"container\" data-settings=\"{&quot;background_background&quot;:&quot;classic&quot;}\">\n\t\t\t\t\t<div class=\"e-con-inner\">\n\t\t\t\t<div class=\"elementor-element elementor-element-c4a7678 elementor-widget elementor-widget-html\" data-id=\"c4a7678\" data-element_type=\"widget\" data-e-type=\"widget\" data-widget_type=\"html.default\">\n\t\t\t\t\t<!-- OPTION 3 : ACCORDION SEO PREMIUM (SEO SAFE) -->\n<section style=\"max-width:1100px;margin:40px auto;padding:0 18px;\">\n  <div style=\"\n    border:3px solid rgba(44,48,53,.14);\n    border-radius:38px;\n    overflow:hidden;\n    background:#ffffff;\n  \">\n\n    <!-- TOGGLE -->\n    <button\n      type=\"button\"\n      aria-expanded=\"false\"\n      aria-controls=\"seo-panel\"\n      id=\"seo-toggle\"\n      style=\"\n        width:100%;\n        display:flex;\n        justify-content:space-between;\n        align-items:center;\n        gap:14px;\n        padding:18px 20px;\n        background:#2C3035;\n        border:0;\n        cursor:pointer;\n        text-align:left;\n      \"\n    >\n      <span style=\"\n        font-family:Montserrat, Arial, sans-serif;\n        color:#F3F2F6;\n        font-size:22px;\n        letter-spacing:.02em;\n      \">\n        Informations pratiques & FAQ\n      <\/span>\n\n      <span\n        id=\"seo-icon\"\n        aria-hidden=\"true\"\n        style=\"\n          width:34px;\n          height:34px;\n          border-radius:999px;\n          display:flex;\n          align-items:center;\n          justify-content:center;\n          border:2px solid rgba(243,242,246,.6);\n          color:#F3F2F6;\n          font-family:Montserrat, Arial, sans-serif;\n          font-size:18px;\n          line-height:1;\n        \"\n      >+<\/span>\n    <\/button>\n\n    <!-- CONTENT -->\n    <div id=\"seo-panel\" hidden style=\"padding:22px 20px;\">\n\n<h2 class=\"seo-h2\">FAQ \u2013 \u00c9v\u00e9nements yacht MIPIM Cannes<\/h2>\n\n<h3 class=\"seo-h3\">Peut-on organiser plusieurs r\u00e9unions dans la m\u00eame journ\u00e9e sur un yacht pendant le MIPIM ?<\/h3>\n<p class=\"seo-text\">\nOui. De nombreuses entreprises utilisent les yachts comme espaces de r\u00e9union priv\u00e9s pendant le MIPIM afin d\u2019encha\u00eener plusieurs rendez-vous investisseurs ou partenaires dans un environnement plus calme que les espaces publics du salon.\n<\/p>\n\n<h3 class=\"seo-h3\">O\u00f9 embarquent les invit\u00e9s pour un \u00e9v\u00e9nement pendant le MIPIM ?<\/h3>\n<p class=\"seo-text\">\nSelon le yacht s\u00e9lectionn\u00e9 et le programme de l\u2019\u00e9v\u00e9nement, l\u2019embarquement peut se faire directement au port de Cannes, \u00e0 proximit\u00e9 du Palais des Festivals, ou depuis diff\u00e9rents points de la baie de Cannes.\n<\/p>\n\n<h3 class=\"seo-h3\">Peut-on organiser un \u00e9v\u00e9nement uniquement \u00e0 quai ?<\/h3>\n<p class=\"seo-text\">\nOui. Certains \u00e9v\u00e9nements pendant le MIPIM sont organis\u00e9s avec le yacht restant \u00e0 quai, ce qui permet aux invit\u00e9s de rejoindre facilement le bateau entre deux rendez-vous ou conf\u00e9rences.\n<\/p>\n\n<h3 class=\"seo-h3\">Combien de temps dure g\u00e9n\u00e9ralement un \u00e9v\u00e9nement sur un yacht pendant le MIPIM ?<\/h3>\n<p class=\"seo-text\">\nLa dur\u00e9e d\u00e9pend du format choisi. Certaines entreprises organisent des r\u00e9unions d\u2019une \u00e0 deux heures, tandis que d\u2019autres r\u00e9servent le yacht pour une demi-journ\u00e9e ou une soir\u00e9e afin d\u2019accueillir plusieurs invit\u00e9s successivement.\n<\/p>\n\n<h3 class=\"seo-h3\">Peut-on accueillir des pr\u00e9sentations ou discussions professionnelles \u00e0 bord ?<\/h3>\n<p class=\"seo-text\">\nOui. Les yachts offrent souvent des espaces int\u00e9rieurs confortables et des zones ext\u00e9rieures permettant d\u2019\u00e9changer avec des partenaires, de pr\u00e9senter un projet ou de recevoir des investisseurs dans un cadre plus confidentiel.\n<\/p>\n\n<h3 class=\"seo-h3\">Les yachts peuvent-ils accueillir des cocktails ou r\u00e9ceptions professionnelles ?<\/h3>\n<p class=\"seo-text\">\nOui. Les yachts sont r\u00e9guli\u00e8rement utilis\u00e9s pendant le MIPIM pour organiser des cocktails networking, des rencontres partenaires ou des r\u00e9ceptions professionnelles dans un cadre plus exclusif que les lieux traditionnels du salon.\n<\/p>\n\n<h3 class=\"seo-h3\">Faut-il r\u00e9server longtemps \u00e0 l\u2019avance pour un \u00e9v\u00e9nement pendant le MIPIM ?<\/h3>\n<p class=\"seo-text\">\nLa demande \u00e9tant tr\u00e8s forte pendant la semaine du MIPIM, les yachts adapt\u00e9s aux \u00e9v\u00e9nements corporate sont souvent r\u00e9serv\u00e9s plusieurs semaines \u00e0 l\u2019avance. Anticiper la r\u00e9servation permet de s\u00e9curiser les meilleures options.\n<\/p>\n    <\/div>\n  <\/div>\n<\/section>\n\n<script>\n(function(){\n  var btn = document.getElementById('seo-toggle');\n  var panel = document.getElementById('seo-panel');\n  var icon = document.getElementById('seo-icon');\n  if(!btn || !panel || !icon) return;\n\n  btn.addEventListener('click', function(){\n    var expanded = btn.getAttribute('aria-expanded') === 'true';\n    btn.setAttribute('aria-expanded', expanded ? 'false' : 'true');\n\n    if(expanded){\n      panel.hidden = true;\n      icon.textContent = '+';\n    } else {\n      panel.hidden = false;\n      icon.textContent = '\u2013';\n    }\n  });\n})();\n<\/script>\t\t\t\t<\/div>\n\t\t\t\t\t<\/div>\n\t\t\t\t<\/div>\n\t\t<div class=\"elementor-element elementor-element-affa87a e-flex e-con-boxed e-con e-parent\" data-id=\"affa87a\" data-element_type=\"container\" data-e-type=\"container\">\n\t\t\t\t\t<div class=\"e-con-inner\">\n\t\t\t\t<div class=\"elementor-element elementor-element-1682a02 elementor-widget elementor-widget-html\" data-id=\"1682a02\" data-element_type=\"widget\" data-e-type=\"widget\" data-widget_type=\"html.default\">\n\t\t\t\t\t<script type=\"application\/ld+json\">\n{\n  \"@context\": \"https:\/\/schema.org\",\n  \"@type\": \"FAQPage\",\n  \"mainEntity\": [\n    {\n      \"@type\": \"Question\",\n      \"name\": \"Peut-on organiser plusieurs r\u00e9unions dans la m\u00eame journ\u00e9e sur un yacht pendant le MIPIM ?\",\n      \"acceptedAnswer\": {\n        \"@type\": \"Answer\",\n        \"text\": \"Oui. De nombreuses entreprises utilisent les yachts comme espaces de r\u00e9union priv\u00e9s pendant le MIPIM afin d\u2019encha\u00eener plusieurs rendez-vous investisseurs ou partenaires dans un environnement plus calme que les espaces publics du salon.\"\n      }\n    },\n    {\n      \"@type\": \"Question\",\n      \"name\": \"O\u00f9 embarquent les invit\u00e9s pour un \u00e9v\u00e9nement pendant le MIPIM ?\",\n      \"acceptedAnswer\": {\n        \"@type\": \"Answer\",\n        \"text\": \"Selon le yacht s\u00e9lectionn\u00e9 et le programme de l\u2019\u00e9v\u00e9nement, l\u2019embarquement peut se faire directement au port de Cannes, \u00e0 proximit\u00e9 du Palais des Festivals, ou depuis diff\u00e9rents points de la baie de Cannes.\"\n      }\n    },\n    {\n      \"@type\": \"Question\",\n      \"name\": \"Peut-on organiser un \u00e9v\u00e9nement uniquement \u00e0 quai ?\",\n      \"acceptedAnswer\": {\n        \"@type\": \"Answer\",\n        \"text\": \"Oui. Certains \u00e9v\u00e9nements pendant le MIPIM sont organis\u00e9s avec le yacht restant \u00e0 quai, ce qui permet aux invit\u00e9s de rejoindre facilement le bateau entre deux rendez-vous ou conf\u00e9rences.\"\n      }\n    },\n    {\n      \"@type\": \"Question\",\n      \"name\": \"Combien de temps dure g\u00e9n\u00e9ralement un \u00e9v\u00e9nement sur un yacht pendant le MIPIM ?\",\n      \"acceptedAnswer\": {\n        \"@type\": \"Answer\",\n        \"text\": \"La dur\u00e9e d\u00e9pend du format choisi. Certaines entreprises organisent des r\u00e9unions d\u2019une \u00e0 deux heures, tandis que d\u2019autres r\u00e9servent le yacht pour une demi-journ\u00e9e ou une soir\u00e9e afin d\u2019accueillir plusieurs invit\u00e9s successivement.\"\n      }\n    },\n    {\n      \"@type\": \"Question\",\n      \"name\": \"Peut-on accueillir des pr\u00e9sentations ou discussions professionnelles \u00e0 bord ?\",\n      \"acceptedAnswer\": {\n        \"@type\": \"Answer\",\n        \"text\": \"Oui. Les yachts offrent souvent des espaces int\u00e9rieurs confortables et des zones ext\u00e9rieures permettant d\u2019\u00e9changer avec des partenaires, de pr\u00e9senter un projet ou de recevoir des investisseurs dans un cadre plus confidentiel.\"\n      }\n    },\n    {\n      \"@type\": \"Question\",\n      \"name\": \"Les yachts peuvent-ils accueillir des cocktails ou r\u00e9ceptions professionnelles ?\",\n      \"acceptedAnswer\": {\n        \"@type\": \"Answer\",\n        \"text\": \"Oui. Les yachts sont r\u00e9guli\u00e8rement utilis\u00e9s pendant le MIPIM pour organiser des cocktails networking, des rencontres partenaires ou des r\u00e9ceptions professionnelles dans un cadre plus exclusif que les lieux traditionnels du salon.\"\n      }\n    },\n    {\n      \"@type\": \"Question\",\n      \"name\": \"Faut-il r\u00e9server longtemps \u00e0 l\u2019avance pour un \u00e9v\u00e9nement pendant le MIPIM ?\",\n      \"acceptedAnswer\": {\n        \"@type\": \"Answer\",\n        \"text\": \"La demande \u00e9tant tr\u00e8s forte pendant la semaine du MIPIM, les yachts adapt\u00e9s aux \u00e9v\u00e9nements corporate sont souvent r\u00e9serv\u00e9s plusieurs semaines \u00e0 l\u2019avance. Anticiper la r\u00e9servation permet de s\u00e9curiser les meilleures options.\"\n      }\n    }\n  ]\n}\n<\/script>\t\t\t\t<\/div>\n\t\t\t\t\t<\/div>\n\t\t\t\t<\/div>\n\t\t<div class=\"elementor-element elementor-element-60c1ed8 e-flex e-con-boxed e-con e-parent\" data-id=\"60c1ed8\" data-element_type=\"container\" data-e-type=\"container\">\n\t\t\t\t\t<div class=\"e-con-inner\">\n\t\t<div class=\"elementor-element elementor-element-a4ea867 e-con-full e-flex e-con e-child\" data-id=\"a4ea867\" data-element_type=\"container\" data-e-type=\"container\">\n\t\t\t\t<div class=\"elementor-element elementor-element-70f6a19 elementor-widget__width-initial elementor-widget elementor-widget-image\" data-id=\"70f6a19\" data-element_type=\"widget\" data-e-type=\"widget\" data-widget_type=\"image.default\">\n\t\t\t\t\t\t\t\t\t\t\t\t\t\t\t<img loading=\"lazy\" decoding=\"async\" width=\"2048\" height=\"1152\" src=\"https:\/\/clapiboats.com\/wp-content\/uploads\/2025\/10\/dji_20250606150921_0322_d-m6LbLqqVgnuy02BL-2048x1152.jpeg\" class=\"attachment-2048x2048 size-2048x2048 wp-image-2908\" alt=\"Location yacht CRANCHI 44\" srcset=\"https:\/\/clapiboats.com\/wp-content\/uploads\/2025\/10\/dji_20250606150921_0322_d-m6LbLqqVgnuy02BL-2048x1152.jpeg 2048w, https:\/\/clapiboats.com\/wp-content\/uploads\/2025\/10\/dji_20250606150921_0322_d-m6LbLqqVgnuy02BL-300x169.jpeg 300w, https:\/\/clapiboats.com\/wp-content\/uploads\/2025\/10\/dji_20250606150921_0322_d-m6LbLqqVgnuy02BL-1024x576.jpeg 1024w, https:\/\/clapiboats.com\/wp-content\/uploads\/2025\/10\/dji_20250606150921_0322_d-m6LbLqqVgnuy02BL-768x432.jpeg 768w, https:\/\/clapiboats.com\/wp-content\/uploads\/2025\/10\/dji_20250606150921_0322_d-m6LbLqqVgnuy02BL-1536x864.jpeg 1536w\" sizes=\"(max-width: 2048px) 100vw, 2048px\" \/>\t\t\t\t\t\t\t\t\t\t\t\t\t\t\t<\/div>\n\t\t\t\t<div class=\"elementor-element elementor-element-8d21f80 elementor-widget elementor-widget-heading\" data-id=\"8d21f80\" data-element_type=\"widget\" data-e-type=\"widget\" data-widget_type=\"heading.default\">\n\t\t\t\t\t<p class=\"elementor-heading-title elementor-size-default\"><a href=\"https:\/\/clapiboats.com\/accueil\/location-yacht-cote-dazur\"><b>TOUTES NOS LOCATIONS DE YACHT SUR LA C\u00d4TE D'AZUR\ud83d\udc48<\/b><\/a><\/p>\t\t\t\t<\/div>\n\t\t\t\t<div class=\"elementor-element elementor-element-ba6446c elementor-widget elementor-widget-text-editor\" data-id=\"ba6446c\" data-element_type=\"widget\" data-e-type=\"widget\" data-widget_type=\"text-editor.default\">\n\t\t\t\t\t\t\t\t\t<p class=\"seo-text\">\nPour explorer les diff\u00e9rents itin\u00e9raires possibles, vous pouvez consulter notre page d\u00e9di\u00e9e \u00e0 la <strong>location de yacht sur la C\u00f4te d\u2019Azur<\/strong>, ainsi que nos pages locales pour les sorties entre Cannes et Antibes, Nice et Monaco, ou Saint-Tropez et Saint-Rapha\u00ebl.\n<\/p>\t\t\t\t\t\t\t\t<\/div>\n\t\t\t\t<\/div>\n\t\t<div class=\"elementor-element elementor-element-ddd490c e-con-full e-flex e-con e-child\" data-id=\"ddd490c\" data-element_type=\"container\" data-e-type=\"container\">\n\t\t\t\t<div class=\"elementor-element elementor-element-b4b8c3f elementor-widget elementor-widget-image\" data-id=\"b4b8c3f\" data-element_type=\"widget\" data-e-type=\"widget\" data-widget_type=\"image.default\">\n\t\t\t\t\t\t\t\t\t\t\t\t\t\t\t<img loading=\"lazy\" decoding=\"async\" width=\"800\" height=\"535\" src=\"https:\/\/clapiboats.com\/wp-content\/uploads\/2026\/03\/2155174692-1024x685.webp\" class=\"attachment-large size-large wp-image-6708\" alt=\"\" srcset=\"https:\/\/clapiboats.com\/wp-content\/uploads\/2026\/03\/2155174692-1024x685.webp 1024w, https:\/\/clapiboats.com\/wp-content\/uploads\/2026\/03\/2155174692-300x201.webp 300w, https:\/\/clapiboats.com\/wp-content\/uploads\/2026\/03\/2155174692-768x514.webp 768w, https:\/\/clapiboats.com\/wp-content\/uploads\/2026\/03\/2155174692-1536x1028.webp 1536w, https:\/\/clapiboats.com\/wp-content\/uploads\/2026\/03\/2155174692-2048x1370.webp 2048w, https:\/\/clapiboats.com\/wp-content\/uploads\/2026\/03\/2155174692-18x12.webp 18w\" sizes=\"(max-width: 800px) 100vw, 800px\" \/>\t\t\t\t\t\t\t\t\t\t\t\t\t\t\t<\/div>\n\t\t\t\t<div class=\"elementor-element elementor-element-3ade82f elementor-widget elementor-widget-heading\" data-id=\"3ade82f\" data-element_type=\"widget\" data-e-type=\"widget\" data-widget_type=\"heading.default\">\n\t\t\t\t\t<p class=\"elementor-heading-title elementor-size-default\"><a href=\"https:\/\/clapiboats.com\/accueil\/itineraires-cote-dazur\/\"><b>TOUS NOS EVENEMENTS EN YACHT SUR LA C\u00d4TE D\u2019AZUR \ud83d\udc48<\/b><\/a><\/p>\t\t\t\t<\/div>\n\t\t\t\t<div class=\"elementor-element elementor-element-c101606 elementor-widget elementor-widget-text-editor\" data-id=\"c101606\" data-element_type=\"widget\" data-e-type=\"widget\" data-widget_type=\"text-editor.default\">\n\t\t\t\t\t\t\t\t\t<p class=\"p1\">D\u00e9couvrez nos formats\u00a0<strong>sunset<\/strong>,\u00a0<strong>EVG\/EVJF<\/strong>\u00a0et\u00a0<strong>\u00e9v\u00e9nements corporate<\/strong>\u00a0organis\u00e9s en yacht sur la C\u00f4te d\u2019Azur, du golfe de Saint-Tropez aux plages de Monaco.<\/p>\t\t\t\t\t\t\t\t<\/div>\n\t\t\t\t<\/div>\n\t\t\t\t\t<\/div>\n\t\t\t\t<\/div>\n\t\t<div class=\"elementor-element elementor-element-aa9d279 e-flex e-con-boxed e-con e-parent\" data-id=\"aa9d279\" data-element_type=\"container\" data-e-type=\"container\">\n\t\t\t\t\t<div class=\"e-con-inner\">\n\t\t\t\t<div class=\"elementor-element elementor-element-8fc070f elementor-widget elementor-widget-html\" data-id=\"8fc070f\" data-element_type=\"widget\" data-e-type=\"widget\" data-widget_type=\"html.default\">\n\t\t\t\t\t<script type=\"application\/ld+json\">\n{\n  \"@context\": \"https:\/\/schema.org\",\n  \"@type\": \"BreadcrumbList\",\n  \"itemListElement\": [\n    {\n      \"@type\": \"ListItem\",\n      \"position\": 1,\n      \"name\": \"Home\",\n      \"item\": \"https:\/\/clapiboats.com\/\"\n    },\n    {\n      \"@type\": \"ListItem\",\n      \"position\": 2,\n      \"name\": \"\u00c9v\u00e9nements yacht C\u00f4te d\u2019Azur\",\n      \"item\": \"https:\/\/clapiboats.com\/accueil\/evenements-yacht-cote-dazur\/\"\n    },\n    {\n      \"@type\": \"ListItem\",\n      \"position\": 3,\n      \"name\": \"MIPIM Cannes yacht\",\n      \"item\": \"https:\/\/clapiboats.com\/accueil\/evenements-yacht-cote-dazur\/mipim-cannes\/\"\n    }\n  ]\n}\n<\/script>\t\t\t\t<\/div>\n\t\t\t\t\t<\/div>\n\t\t\t\t<\/div>\n\t\t\t\t<\/div>\n\t\t","protected":false},"excerpt":{"rendered":"<p>LOUER UN YACHT AU MIPIM DE CANNES EN 2027 Pendant le MIPIM, Cannes devient pendant quelques jours le point de rencontre mondial des investisseurs, promoteurs, collectivit\u00e9s et acteurs majeurs de l\u2019immobilier international. \u00c8v\u00e8nements DATE DU MIPIM 2027 \u00c0 CONFIRMER Les dates du MIPIM 2027 n&rsquo;ont pas \u00e9t\u00e9 annonc\u00e9es. L&rsquo;\u00e9v\u00e8nement se tient g\u00e9n\u00e9ralement d\u00e9but mars au [&hellip;]<\/p>\n","protected":false},"author":5,"featured_media":0,"parent":886,"menu_order":0,"comment_status":"closed","ping_status":"closed","template":"","meta":{"footnotes":""},"class_list":["post-6891","page","type-page","status-publish","hentry"],"_links":{"self":[{"href":"https:\/\/clapiboats.com\/en\/wp-json\/wp\/v2\/pages\/6891","targetHints":{"allow":["GET"]}}],"collection":[{"href":"https:\/\/clapiboats.com\/en\/wp-json\/wp\/v2\/pages"}],"about":[{"href":"https:\/\/clapiboats.com\/en\/wp-json\/wp\/v2\/types\/page"}],"author":[{"embeddable":true,"href":"https:\/\/clapiboats.com\/en\/wp-json\/wp\/v2\/users\/5"}],"replies":[{"embeddable":true,"href":"https:\/\/clapiboats.com\/en\/wp-json\/wp\/v2\/comments?post=6891"}],"version-history":[{"count":38,"href":"https:\/\/clapiboats.com\/en\/wp-json\/wp\/v2\/pages\/6891\/revisions"}],"predecessor-version":[{"id":7688,"href":"https:\/\/clapiboats.com\/en\/wp-json\/wp\/v2\/pages\/6891\/revisions\/7688"}],"up":[{"embeddable":true,"href":"https:\/\/clapiboats.com\/en\/wp-json\/wp\/v2\/pages\/886"}],"wp:attachment":[{"href":"https:\/\/clapiboats.com\/en\/wp-json\/wp\/v2\/media?parent=6891"}],"curies":[{"name":"wp","href":"https:\/\/api.w.org\/{rel}","templated":true}]}}